{"id":68,"date":"2019-03-05T14:22:04","date_gmt":"2019-03-05T13:22:04","guid":{"rendered":"http:\/\/www.cfa-colmar.com\/?page_id=68"},"modified":"2026-07-31T10:11:51","modified_gmt":"2026-07-31T08:11:51","slug":"contact","status":"publish","type":"page","link":"https:\/\/www.cfa-colmar.com\/index.php\/contact\/","title":{"rendered":"Contacts"},"content":{"rendered":"\t\t<div data-elementor-type=\"wp-page\" data-elementor-id=\"68\" class=\"elementor elementor-68\">\n\t\t\t\t\t\t<section class=\"elementor-section elementor-top-section elementor-element elementor-element-4dfc36bf elementor-section-boxed elementor-section-height-default elementor-section-height-default\" data-id=\"4dfc36bf\" data-element_type=\"section\" data-e-type=\"section\">\n\t\t\t\t\t\t<div class=\"elementor-container elementor-column-gap-default\">\n\t\t\t\t\t<div class=\"elementor-column elementor-col-100 elementor-top-column elementor-element elementor-element-12d414b0\" data-id=\"12d414b0\" data-element_type=\"column\" data-e-type=\"column\">\n\t\t\t<div class=\"elementor-widget-wrap elementor-element-populated\">\n\t\t\t\t\t\t<div class=\"elementor-element elementor-element-6287fecf elementor-widget elementor-widget-text-editor\" data-id=\"6287fecf\" data-element_type=\"widget\" data-e-type=\"widget\" data-widget_type=\"text-editor.default\">\n\t\t\t\t<div class=\"elementor-widget-container\">\n\t\t\t\t\t\t\t\t\t<p>courriel : <a href=\"mailto:contact@cfa-colmar.com\">contact@cfa-colmar.com<\/a><\/p>\n<p><!-- \/wp:paragraph --><!-- wp:paragraph --><\/p>\n<p>T\u00e9l\u00e9phone : 03.89.21.57.40<\/p>\n<p><!-- \/wp:paragraph --><!-- wp:paragraph --><\/p>\n<p>\u00a0<\/p>\n<p><!-- \/wp:separator --><!-- wp:paragraph --><\/p>\n<p>L&rsquo;\u00e9quipe administrative \u00e0 votre service :<\/p>\n<p><!-- \/wp:paragraph --><!-- wp:buttons --><\/p>\n<div class=\"wp-block-buttons\">\n<p><!-- wp:button {\"style\":{\"typography\":{\"fontSize\":\"14px\"}},\"className\":\"is-style-outline\"} --><\/p>\n<div class=\"wp-block-button has-custom-font-size is-style-outline\" style=\"font-size: 14px;\"><a class=\"wp-block-button__link\" href=\"mailto:directeur@cfa-colmar.com\" target=\"_blank\" rel=\"noreferrer noopener\">Directeur : <strong>Claude NIERENGARTEN<\/strong><\/a><\/div>\n<p><!-- \/wp:button --><\/p>\n<\/div>\n<p><!-- \/wp:buttons --><!-- wp:buttons --><\/p>\n<div class=\"wp-block-buttons\">\n<p><!-- wp:button {\"style\":{\"typography\":{\"fontSize\":\"14px\"}},\"className\":\"is-style-outline\"} --><\/p>\n<div class=\"wp-block-button has-custom-font-size is-style-outline\" style=\"font-size: 14px;\"><a class=\"wp-block-button__link\" href=\"mailto:referent.qualite@cfa-colmar.com\" target=\"_blank\" rel=\"noreferrer noopener\"> R\u00e9f\u00e9rent Qualit\u00e9 : <strong>Mickael KOLLROS<\/strong><\/a><\/div>\n<p><!-- \/wp:button --><\/p>\n<\/div>\n<p><!-- \/wp:buttons --><!-- wp:buttons --><\/p>\n<div class=\"wp-block-buttons\">\n<div class=\"wp-block-button has-custom-font-size is-style-outline\" style=\"font-size: 14px;\"><a class=\"wp-block-button__link\" href=\"mailto:administrateur@cfa-colmar.com\">Coordonnateur Administratif : <strong>Thomas ROY<\/strong><\/a><\/div>\n<\/div>\n<div>\u00a0<\/div>\n<div>\n<div class=\"wp-block-buttons\">\n<div class=\"wp-block-button has-custom-font-size is-style-outline\" style=\"font-size: 14px;\"><a class=\"wp-block-button__link\" href=\"mailto:pedagogie@cfa-colmar.com\">Coordonnateur P\u00e9dagogique : <strong>Olivier KUFFER<\/strong><\/a><\/div>\n<\/div>\n<\/div>\n<p><!-- \/wp:buttons --><!-- wp:buttons --><\/p>\n<div class=\"wp-block-buttons\">\n<p><!-- wp:button {\"style\":{\"typography\":{\"fontSize\":\"14px\"}},\"className\":\"is-style-outline\"} --><\/p>\n<div class=\"wp-block-button has-custom-font-size is-style-outline\" style=\"font-size: 14px;\"><a class=\"wp-block-button__link\" href=\"mailto:contrat@cfa-colmar.com\" target=\"_blank\" rel=\"noreferrer noopener\">Ressources Humaines et Contrat d&rsquo;Apprentissage : <strong>Nicolas GRIESBAUM<\/strong><\/a><\/div>\n<\/div>\n<div class=\"wp-block-buttons\">\n<p><!-- \/wp:button --><\/p>\n<\/div>\n<p><!-- \/wp:buttons --><!-- wp:buttons --><\/p>\n<div class=\"wp-block-buttons\">\n<p><!-- wp:button {\"style\":{\"typography\":{\"fontSize\":\"14px\"}},\"className\":\"is-style-outline\"} --><\/p>\n<div class=\"wp-block-button has-custom-font-size is-style-outline\" style=\"font-size: 14px;\"><a class=\"wp-block-button__link\" href=\"mailto:compta@cfa-colmar.com\" target=\"_blank\" rel=\"noreferrer noopener\">Comptabilit\u00e9 : <strong>Mathieu WOLFER<\/strong><\/a><\/div>\n<p><!-- \/wp:button --><\/p>\n<\/div>\n<p><!-- \/wp:buttons --><!-- wp:buttons --><\/p>\n<div class=\"wp-block-buttons\">\n<p><!-- wp:button {\"style\":{\"typography\":{\"fontSize\":\"14px\"}},\"className\":\"is-style-outline\"} --><\/p>\n<div class=\"wp-block-button has-custom-font-size is-style-outline\" style=\"font-size: 14px;\"><a class=\"wp-block-button__link\" href=\"mailto:secretariat@cfa-colmar.com\" target=\"_blank\" rel=\"noreferrer noopener\">Secr\u00e9tariat : <strong>Sophie EDEL<\/strong><\/a><\/div>\n<p><!-- \/wp:button --><\/p>\n<\/div>\n<p><!-- \/wp:buttons --><!-- wp:buttons --><\/p>\n<div class=\"wp-block-buttons\">\n<p><!-- wp:button {\"style\":{\"typography\":{\"fontSize\":\"14px\"}},\"className\":\"is-style-outline\"} --><\/p>\n<div class=\"wp-block-button has-custom-font-size is-style-outline\" style=\"font-size: 14px;\"><a class=\"wp-block-button__link\" href=\"mailto:ve@cfa-colmar.com\" target=\"_blank\" rel=\"noreferrer noopener\"> Charg\u00e9s de Mission Educative : <strong>M\u00e9lina SCHNEIDER WEHBE et Valentin LAVAUX<\/strong><\/a><\/div>\n<p><!-- \/wp:button --><\/p>\n<\/div>\n<p><!-- \/wp:buttons --><!-- wp:buttons {\"layout\":{\"type\":\"flex\",\"orientation\":\"vertical\",\"justifyContent\":\"left\"}} --><\/p>\n<div class=\"wp-block-buttons\">\n<p><!-- wp:button {\"style\":{\"typography\":{\"fontSize\":\"14px\"}},\"className\":\"is-style-outline\"} --><\/p>\n<div class=\"wp-block-button has-custom-font-size is-style-outline\" style=\"font-size: 14px;\"><a class=\"wp-block-button__link\" href=\"mailto:developpeur@cfa-colmar.com\" target=\"_blank\" rel=\"noreferrer noopener\"> Responsable des Relations Jeunes \/ Entreprises : <strong>Rodolphe BIRLING <\/strong><\/a><\/div>\n<p><!-- \/wp:button --><\/p>\n<\/div>\n<p><!-- \/wp:buttons --><!-- wp:buttons --><\/p>\n<div class=\"wp-block-buttons\">\n<div class=\"wp-block-button has-custom-font-size is-style-outline\" style=\"font-size: 14px;\"><a class=\"wp-block-button__link\" href=\"mailto:m.langrognet@cfa-colmar.com\"> Responsable des Troubles de l&rsquo;Apprentissage et du Handicap : <strong>Myriam LANGROGNET<\/strong><\/a><\/div>\n<p><!-- \/wp:button --><\/p>\n<\/div>\n<p class=\"wp-block-buttons\"><!-- wp:button \/--><\/p>\n<p><!-- \/wp:buttons --><!-- wp:paragraph --><\/p>\n<p><span style=\"color: #ff0000;\"><strong>Fermeture du CFA : du 27 juillet au 16 ao\u00fbt inclus. En dehors de cette p\u00e9riode, une permanence administrative est assur\u00e9e. <\/strong><\/span><\/p>\n<p><strong><em>En faisant un clic droit sur le bouton, vous avez la possibilit\u00e9 de copier l&rsquo;adresse Mail<\/em><\/strong><\/p>\n<p><!-- \/wp:paragraph --><!-- wp:spacer {\"height\":\"68px\"} --><\/p>\n<div aria-hidden=\"true\">\n<h2><strong><span style=\"font-size: 16px;\">Formulaire de contact :\u00a0<\/span><\/strong><\/h2>\n<p>\u00a0<\/p>\n<\/div>\n<p><!-- \/wp:heading --><!-- wp:forminator\/forms {\"module_id\":\"1052\"} --><\/p>\n<div class=\"forminator-guttenberg\"><div class=\"forminator-ui forminator-custom-form forminator-custom-form-1052 forminator-design--default  forminator_ajax\" data-forminator-render=\"0\" data-form=\"forminator-module-1052\" data-uid=\"6a990342b33f7\"><br\/><\/div><form\n\t\t\t\tid=\"forminator-module-1052\"\n\t\t\t\tclass=\"forminator-ui forminator-custom-form forminator-custom-form-1052 forminator-design--default  forminator_ajax\"\n\t\t\t\tmethod=\"post\"\n\t\t\t\tdata-forminator-render=\"0\"\n\t\t\t\tdata-form-id=\"1052\"\n\t\t\t\t data-color-option=\"default\" data-design=\"default\" data-grid=\"open\" style=\"display: none;\"\n\t\t\t\tdata-uid=\"6a990342b33f7\"\n\t\t\t><div role=\"alert\" aria-live=\"polite\" class=\"forminator-response-message forminator-error\" aria-hidden=\"true\"><\/div><div class=\"forminator-row\"><div id=\"name-1\" class=\"forminator-field-name forminator-col forminator-col-12 \"><div class=\"forminator-field\"><label for=\"forminator-field-name-1_6a990342b33f7\" id=\"forminator-field-name-1_6a990342b33f7-label\" class=\"forminator-label\">Nom et Pr\u00e9nom <span class=\"forminator-required\">*<\/span><\/label><input type=\"text\" name=\"name-1\" value=\"\" placeholder=\"Par exemple\u00a0: Marcel Rudloff\" id=\"forminator-field-name-1_6a990342b33f7\" class=\"forminator-input forminator-name--field\" aria-required=\"true\" autocomplete=\"name\" \/><\/div><\/div><\/div><div class=\"forminator-row\"><div id=\"checkbox-1\" class=\"forminator-field-checkbox forminator-col forminator-col-12 \"><div role=\"group\" class=\"forminator-field required\" aria-labelledby=\"forminator-checkbox-group-forminator-field-checkbox-1-6a990342b33f7-label\"><span id=\"forminator-checkbox-group-forminator-field-checkbox-1-6a990342b33f7-label\" class=\"forminator-label\">Vous \u00eates &#8230; <span class=\"forminator-required\">*<\/span><\/span><label id=\"forminator-field-checkbox-1-1-6a990342b33f7-label\" for=\"forminator-field-checkbox-1-1-6a990342b33f7\" class=\"forminator-checkbox forminator-checkbox-inline\" title=\"Apprenti (ou parent)\"><input type=\"checkbox\" name=\"checkbox-1[]\" value=\"apprenti-ou-parent\" id=\"forminator-field-checkbox-1-1-6a990342b33f7\" aria-labelledby=\"forminator-field-checkbox-1-1-6a990342b33f7-label\" data-calculation=\"0\" checked=\"checked\" \/><span class=\"forminator-checkbox-box\" aria-hidden=\"true\"><\/span><span class=\"forminator-checkbox-label\">Apprenti (ou parent)<\/span><\/label><label id=\"forminator-field-checkbox-1-2-6a990342b33f7-label\" for=\"forminator-field-checkbox-1-2-6a990342b33f7\" class=\"forminator-checkbox forminator-checkbox-inline\" title=\"Candidat (ou parent)\"><input type=\"checkbox\" name=\"checkbox-1[]\" value=\"candidat-ou-parent\" id=\"forminator-field-checkbox-1-2-6a990342b33f7\" aria-labelledby=\"forminator-field-checkbox-1-2-6a990342b33f7-label\" data-calculation=\"0\" checked=\"checked\" \/><span class=\"forminator-checkbox-box\" aria-hidden=\"true\"><\/span><span class=\"forminator-checkbox-label\">Candidat (ou parent)<\/span><\/label><label id=\"forminator-field-checkbox-1-3-6a990342b33f7-label\" for=\"forminator-field-checkbox-1-3-6a990342b33f7\" class=\"forminator-checkbox forminator-checkbox-inline\" title=\"Ma\u00eetre d&#039;apprentissage\"><input type=\"checkbox\" name=\"checkbox-1[]\" value=\"ma\u00eetre-dapprentissage\" id=\"forminator-field-checkbox-1-3-6a990342b33f7\" aria-labelledby=\"forminator-field-checkbox-1-3-6a990342b33f7-label\" data-calculation=\"0\" checked=\"checked\" \/><span class=\"forminator-checkbox-box\" aria-hidden=\"true\"><\/span><span class=\"forminator-checkbox-label\">Ma\u00eetre d&rsquo;apprentissage<\/span><\/label><\/div><\/div><\/div><div class=\"forminator-row\"><div id=\"email-1\" class=\"forminator-field-email forminator-col forminator-col-12 \"><div class=\"forminator-field\"><label for=\"forminator-field-email-1_6a990342b33f7\" id=\"forminator-field-email-1_6a990342b33f7-label\" class=\"forminator-label\">Adresse de messagerie (email) <span class=\"forminator-required\">*<\/span><\/label><input type=\"email\" name=\"email-1\" value=\"\" placeholder=\"Par exemple\u00a0: jacques@martin.com\" id=\"forminator-field-email-1_6a990342b33f7\" class=\"forminator-input forminator-email--field\" data-required=\"true\" aria-required=\"true\" autocomplete=\"email\" \/><\/div><\/div><\/div><div class=\"forminator-row\"><div id=\"phone-1\" class=\"forminator-field-phone forminator-col forminator-col-12 \"><div class=\"forminator-field\"><label for=\"forminator-field-phone-1_6a990342b33f7\" id=\"forminator-field-phone-1_6a990342b33f7-label\" class=\"forminator-label\">Num\u00e9ro de t\u00e9l\u00e9phone<\/label><input type=\"text\" name=\"phone-1\" value=\"\" placeholder=\"Par exemple\u00a0: + 33 6 68 68 68 68\" id=\"forminator-field-phone-1_6a990342b33f7\" class=\"forminator-input forminator-field--phone\" data-required=\"\" aria-required=\"false\" autocomplete=\"off\" \/><\/div><\/div><\/div><div class=\"forminator-row\"><div id=\"textarea-1\" class=\"forminator-field-textarea forminator-col forminator-col-12 \"><div class=\"forminator-field\"><label for=\"forminator-field-textarea-1_6a990342b33f7\" id=\"forminator-field-textarea-1_6a990342b33f7-label\" class=\"forminator-label\">En quoi pouvons-nous vous aider ?<\/label><textarea name=\"textarea-1\" placeholder=\"Saisissez votre message\u2026\" id=\"forminator-field-textarea-1_6a990342b33f7\" class=\"forminator-textarea\" style=\"--forminator-textarea-min-height:140px;\" maxlength=\"180\" ><\/textarea><span id=\"forminator-field-textarea-1_6a990342b33f7-description\" class=\"forminator-description\"><span data-limit=\"180\" data-type=\"characters\" data-editor=\"\">0 \/ 180<\/span><\/span><\/div><\/div><\/div><div class=\"forminator-row\" style=\"margin: 0;\"><div id=\"captcha-1\" class=\"forminator-field-captcha  forminator-col-12 \"><div class=\"forminator-captcha-left forminator-g-recaptcha recaptcha-invisible\" data-theme=\"light\" data-badge=\"bottomright\" data-sitekey=\"6Lc5QaweAAAAANGVsUeT68lDCGgQb13zAo2dff8E\" data-size=\"invisible\"><\/div> <\/div><\/div><input type=\"hidden\" name=\"referer_url\" value=\"\" \/><div class=\"forminator-row forminator-row-last\"><div class=\"forminator-col\"><div class=\"forminator-field\"><button class=\"forminator-button forminator-button-submit\">Envoyer le message<\/button><\/div><\/div><\/div><input type=\"hidden\" id=\"forminator_nonce\" name=\"forminator_nonce\" value=\"3334d06fcd\" \/><input type=\"hidden\" name=\"_wp_http_referer\" value=\"\/index.php\/wp-json\/wp\/v2\/pages\/68\" \/><input type=\"hidden\" name=\"form_id\" value=\"1052\"><input type=\"hidden\" name=\"page_id\" value=\"68\"><input type=\"hidden\" name=\"form_type\" value=\"default\"><input type=\"hidden\" name=\"current_url\" value=\"https:\/\/www.cfa-colmar.com\/index.php\/contact\/\"><input type=\"hidden\" name=\"render_id\" value=\"0\"><input type=\"hidden\" name=\"action\" value=\"forminator_submit_form_custom-forms\"><\/form><\/div>\n<p><!-- \/wp:forminator\/forms --><\/p>\t\t\t\t\t\t\t\t<\/div>\n\t\t\t\t<\/div>\n\t\t\t\t\t<\/div>\n\t\t<\/div>\n\t\t\t\t\t<\/div>\n\t\t<\/section>\n\t\t\t\t<\/div>\n\t\t","protected":false},"excerpt":{"rendered":"<p>courriel : contact@cfa-colmar.com T\u00e9l\u00e9phone : 03.89.21.57.40 \u00a0 L&rsquo;\u00e9quipe administrative \u00e0 votre service : Directeur : Claude NIERENGARTEN R\u00e9f\u00e9rent Qualit\u00e9 : Mickael KOLLROS Coordonnateur Administratif : Thomas ROY \u00a0 Coordonnateur P\u00e9dagogique : Olivier KUFFER Ressources Humaines et Contrat d&rsquo;Apprentissage : Nicolas<\/p>\n","protected":false},"author":1,"featured_media":0,"parent":0,"menu_order":0,"comment_status":"closed","ping_status":"closed","template":"page-templates\/page-builder.php","meta":{"footnotes":""},"class_list":["post-68","page","type-page","status-publish","hentry"],"yoast_head":"<!-- This site is optimized with the Yoast SEO plugin v28.2 - https:\/\/yoast.com\/product\/yoast-seo-wordpress\/ -->\n<title>Contacts - CFA CENTRE ALSACE &quot;MARCEL RUDLOFF&quot;<\/title>\n<meta name=\"robots\" content=\"index, follow, max-snippet:-1, max-image-preview:large, max-video-preview:-1\" \/>\n<link rel=\"canonical\" href=\"https:\/\/www.cfa-colmar.com\/index.php\/contact\/\" \/>\n<meta property=\"og:locale\" content=\"fr_FR\" \/>\n<meta property=\"og:type\" content=\"article\" \/>\n<meta property=\"og:title\" content=\"Contacts - CFA CENTRE ALSACE &quot;MARCEL RUDLOFF&quot;\" \/>\n<meta property=\"og:description\" content=\"courriel : contact@cfa-colmar.com T\u00e9l\u00e9phone : 03.89.21.57.40 \u00a0 L&rsquo;\u00e9quipe administrative \u00e0 votre service : Directeur : Claude NIERENGARTEN R\u00e9f\u00e9rent Qualit\u00e9 : Mickael KOLLROS Coordonnateur Administratif : Thomas ROY \u00a0 Coordonnateur P\u00e9dagogique : Olivier KUFFER Ressources Humaines et Contrat d&rsquo;Apprentissage : Nicolas\" \/>\n<meta property=\"og:url\" content=\"https:\/\/www.cfa-colmar.com\/index.php\/contact\/\" \/>\n<meta property=\"og:site_name\" content=\"CFA CENTRE ALSACE &quot;MARCEL RUDLOFF&quot;\" \/>\n<meta property=\"article:publisher\" content=\"https:\/\/www.facebook.com\/cfamarcelrudloff\/\" \/>\n<meta property=\"article:modified_time\" content=\"2026-07-31T08:11:51+00:00\" \/>\n<meta name=\"twitter:card\" content=\"summary_large_image\" \/>\n<meta name=\"twitter:label1\" content=\"Dur\u00e9e de lecture estim\u00e9e\" \/>\n\t<meta name=\"twitter:data1\" content=\"1 minute\" \/>\n<script type=\"application\/ld+json\" class=\"yoast-schema-graph\">{\"@context\":\"https:\\\/\\\/schema.org\",\"@graph\":[{\"@type\":\"WebPage\",\"@id\":\"https:\\\/\\\/www.cfa-colmar.com\\\/index.php\\\/contact\\\/\",\"url\":\"https:\\\/\\\/www.cfa-colmar.com\\\/index.php\\\/contact\\\/\",\"name\":\"Contacts - CFA CENTRE ALSACE &quot;MARCEL RUDLOFF&quot;\",\"isPartOf\":{\"@id\":\"https:\\\/\\\/www.cfa-colmar.com\\\/#website\"},\"datePublished\":\"2019-03-05T13:22:04+00:00\",\"dateModified\":\"2026-07-31T08:11:51+00:00\",\"breadcrumb\":{\"@id\":\"https:\\\/\\\/www.cfa-colmar.com\\\/index.php\\\/contact\\\/#breadcrumb\"},\"inLanguage\":\"fr-FR\",\"potentialAction\":[{\"@type\":\"ReadAction\",\"target\":[\"https:\\\/\\\/www.cfa-colmar.com\\\/index.php\\\/contact\\\/\"]}]},{\"@type\":\"BreadcrumbList\",\"@id\":\"https:\\\/\\\/www.cfa-colmar.com\\\/index.php\\\/contact\\\/#breadcrumb\",\"itemListElement\":[{\"@type\":\"ListItem\",\"position\":1,\"name\":\"Accueil\",\"item\":\"https:\\\/\\\/www.cfa-colmar.com\\\/\"},{\"@type\":\"ListItem\",\"position\":2,\"name\":\"Contacts\"}]},{\"@type\":\"WebSite\",\"@id\":\"https:\\\/\\\/www.cfa-colmar.com\\\/#website\",\"url\":\"https:\\\/\\\/www.cfa-colmar.com\\\/\",\"name\":\"CFA CENTRE ALSACE \\\"MARCEL RUDLOFF\\\"\",\"description\":\"&quot;Construisez votre avenir professionnel avec notre Centre de Formation d&#039;Apprentis&quot;\",\"publisher\":{\"@id\":\"https:\\\/\\\/www.cfa-colmar.com\\\/#organization\"},\"potentialAction\":[{\"@type\":\"SearchAction\",\"target\":{\"@type\":\"EntryPoint\",\"urlTemplate\":\"https:\\\/\\\/www.cfa-colmar.com\\\/?s={search_term_string}\"},\"query-input\":{\"@type\":\"PropertyValueSpecification\",\"valueRequired\":true,\"valueName\":\"search_term_string\"}}],\"inLanguage\":\"fr-FR\"},{\"@type\":\"Organization\",\"@id\":\"https:\\\/\\\/www.cfa-colmar.com\\\/#organization\",\"name\":\"CFA CENTRE ALSACE \\\"MARCEL RUDLOFF\\\"\",\"url\":\"https:\\\/\\\/www.cfa-colmar.com\\\/\",\"logo\":{\"@type\":\"ImageObject\",\"inLanguage\":\"fr-FR\",\"@id\":\"https:\\\/\\\/www.cfa-colmar.com\\\/#\\\/schema\\\/logo\\\/image\\\/\",\"url\":\"https:\\\/\\\/www.cfa-colmar.com\\\/wp-content\\\/uploads\\\/2025\\\/08\\\/cropped-cropped-cropped-Logo-CFA-Marcel-Rudloff_Aout-2025-e1756128650259.png\",\"contentUrl\":\"https:\\\/\\\/www.cfa-colmar.com\\\/wp-content\\\/uploads\\\/2025\\\/08\\\/cropped-cropped-cropped-Logo-CFA-Marcel-Rudloff_Aout-2025-e1756128650259.png\",\"width\":119,\"height\":104,\"caption\":\"CFA CENTRE ALSACE \\\"MARCEL RUDLOFF\\\"\"},\"image\":{\"@id\":\"https:\\\/\\\/www.cfa-colmar.com\\\/#\\\/schema\\\/logo\\\/image\\\/\"},\"sameAs\":[\"https:\\\/\\\/www.facebook.com\\\/cfamarcelrudloff\\\/\",\"https:\\\/\\\/www.instagram.com\\\/cfa_marcel_rudloff\\\/\"]}]}<\/script>\n<!-- \/ Yoast SEO plugin. -->","yoast_head_json":{"title":"Contacts - CFA CENTRE ALSACE &quot;MARCEL RUDLOFF&quot;","robots":{"index":"index","follow":"follow","max-snippet":"max-snippet:-1","max-image-preview":"max-image-preview:large","max-video-preview":"max-video-preview:-1"},"canonical":"https:\/\/www.cfa-colmar.com\/index.php\/contact\/","og_locale":"fr_FR","og_type":"article","og_title":"Contacts - CFA CENTRE ALSACE &quot;MARCEL RUDLOFF&quot;","og_description":"courriel : contact@cfa-colmar.com T\u00e9l\u00e9phone : 03.89.21.57.40 \u00a0 L&rsquo;\u00e9quipe administrative \u00e0 votre service : Directeur : Claude NIERENGARTEN R\u00e9f\u00e9rent Qualit\u00e9 : Mickael KOLLROS Coordonnateur Administratif : Thomas ROY \u00a0 Coordonnateur P\u00e9dagogique : Olivier KUFFER Ressources Humaines et Contrat d&rsquo;Apprentissage : Nicolas","og_url":"https:\/\/www.cfa-colmar.com\/index.php\/contact\/","og_site_name":"CFA CENTRE ALSACE &quot;MARCEL RUDLOFF&quot;","article_publisher":"https:\/\/www.facebook.com\/cfamarcelrudloff\/","article_modified_time":"2026-07-31T08:11:51+00:00","twitter_card":"summary_large_image","twitter_misc":{"Dur\u00e9e de lecture estim\u00e9e":"1 minute"},"schema":{"@context":"https:\/\/schema.org","@graph":[{"@type":"WebPage","@id":"https:\/\/www.cfa-colmar.com\/index.php\/contact\/","url":"https:\/\/www.cfa-colmar.com\/index.php\/contact\/","name":"Contacts - CFA CENTRE ALSACE &quot;MARCEL RUDLOFF&quot;","isPartOf":{"@id":"https:\/\/www.cfa-colmar.com\/#website"},"datePublished":"2019-03-05T13:22:04+00:00","dateModified":"2026-07-31T08:11:51+00:00","breadcrumb":{"@id":"https:\/\/www.cfa-colmar.com\/index.php\/contact\/#breadcrumb"},"inLanguage":"fr-FR","potentialAction":[{"@type":"ReadAction","target":["https:\/\/www.cfa-colmar.com\/index.php\/contact\/"]}]},{"@type":"BreadcrumbList","@id":"https:\/\/www.cfa-colmar.com\/index.php\/contact\/#breadcrumb","itemListElement":[{"@type":"ListItem","position":1,"name":"Accueil","item":"https:\/\/www.cfa-colmar.com\/"},{"@type":"ListItem","position":2,"name":"Contacts"}]},{"@type":"WebSite","@id":"https:\/\/www.cfa-colmar.com\/#website","url":"https:\/\/www.cfa-colmar.com\/","name":"CFA CENTRE ALSACE \"MARCEL RUDLOFF\"","description":"&quot;Construisez votre avenir professionnel avec notre Centre de Formation d&#039;Apprentis&quot;","publisher":{"@id":"https:\/\/www.cfa-colmar.com\/#organization"},"potentialAction":[{"@type":"SearchAction","target":{"@type":"EntryPoint","urlTemplate":"https:\/\/www.cfa-colmar.com\/?s={search_term_string}"},"query-input":{"@type":"PropertyValueSpecification","valueRequired":true,"valueName":"search_term_string"}}],"inLanguage":"fr-FR"},{"@type":"Organization","@id":"https:\/\/www.cfa-colmar.com\/#organization","name":"CFA CENTRE ALSACE \"MARCEL RUDLOFF\"","url":"https:\/\/www.cfa-colmar.com\/","logo":{"@type":"ImageObject","inLanguage":"fr-FR","@id":"https:\/\/www.cfa-colmar.com\/#\/schema\/logo\/image\/","url":"https:\/\/www.cfa-colmar.com\/wp-content\/uploads\/2025\/08\/cropped-cropped-cropped-Logo-CFA-Marcel-Rudloff_Aout-2025-e1756128650259.png","contentUrl":"https:\/\/www.cfa-colmar.com\/wp-content\/uploads\/2025\/08\/cropped-cropped-cropped-Logo-CFA-Marcel-Rudloff_Aout-2025-e1756128650259.png","width":119,"height":104,"caption":"CFA CENTRE ALSACE \"MARCEL RUDLOFF\""},"image":{"@id":"https:\/\/www.cfa-colmar.com\/#\/schema\/logo\/image\/"},"sameAs":["https:\/\/www.facebook.com\/cfamarcelrudloff\/","https:\/\/www.instagram.com\/cfa_marcel_rudloff\/"]}]}},"_links":{"self":[{"href":"https:\/\/www.cfa-colmar.com\/index.php\/wp-json\/wp\/v2\/pages\/68","targetHints":{"allow":["GET"]}}],"collection":[{"href":"https:\/\/www.cfa-colmar.com\/index.php\/wp-json\/wp\/v2\/pages"}],"about":[{"href":"https:\/\/www.cfa-colmar.com\/index.php\/wp-json\/wp\/v2\/types\/page"}],"author":[{"embeddable":true,"href":"https:\/\/www.cfa-colmar.com\/index.php\/wp-json\/wp\/v2\/users\/1"}],"replies":[{"embeddable":true,"href":"https:\/\/www.cfa-colmar.com\/index.php\/wp-json\/wp\/v2\/comments?post=68"}],"version-history":[{"count":147,"href":"https:\/\/www.cfa-colmar.com\/index.php\/wp-json\/wp\/v2\/pages\/68\/revisions"}],"predecessor-version":[{"id":7194,"href":"https:\/\/www.cfa-colmar.com\/index.php\/wp-json\/wp\/v2\/pages\/68\/revisions\/7194"}],"wp:attachment":[{"href":"https:\/\/www.cfa-colmar.com\/index.php\/wp-json\/wp\/v2\/media?parent=68"}],"curies":[{"name":"wp","href":"https:\/\/api.w.org\/{rel}","templated":true}]}}